{"id":20734,"date":"2025-11-03T15:03:14","date_gmt":"2025-11-03T20:03:14","guid":{"rendered":"https:\/\/arcoproperties.com\/?page_id=20734"},"modified":"2025-11-14T12:29:12","modified_gmt":"2025-11-14T17:29:12","slug":"discover-gran-central","status":"publish","type":"page","link":"https:\/\/arcoproperties.com\/es\/discover-gran-central\/","title":{"rendered":"Discover Gran Central"},"content":{"rendered":"<div class=\"wpb-content-wrapper\"><p>[vc_row css=\u00bb.vc_custom_1754944904130{margin-right: 0px !important;margin-left: 0px !important;padding-right: 0px !important;padding-left: 0px !important;background-color: #ffffff !important;background-position: center !important;background-repeat: no-repeat !important;background-size: cover !important;}\u00bb el_class=\u00bbarco__header\u00bb el_id=\u00bbarco_header\u00bb][vc_column css=\u00bb.vc_custom_1754944299357{margin-top: 0px !important;margin-bottom: 0px !important;padding-top: 0px !important;padding-bottom: 0px !important;}\u00bb][vc_row_inner css=\u00bb.vc_custom_1754945270616{padding-right: 0px !important;padding-left: 0px !important;background-color: #ffffff !important;}\u00bb el_class=\u00bbwrapper arco__header-wrapper\u00bb][vc_column_inner width=\u00bb1\/2&#8243; css=\u00bb.vc_custom_1752169437884{padding-top: 0px !important;padding-right: 0px !important;padding-bottom: 0px !important;padding-left: 0px !important;}\u00bb][vc_single_image image=\u00bb20390&#8243; img_size=\u00bbmedium\u00bb css=\u00bb\u00bb el_class=\u00bbarco__header-logo\u00bb][\/vc_column_inner][vc_column_inner el_class=\u00bbarco__header-button-mobile\u00bb width=\u00bb1\/2&#8243; css=\u00bb.vc_custom_1754945265103{padding-top: 0px !important;padding-right: 0px !important;padding-bottom: 0px !important;padding-left: 0px !important;}\u00bb][vc_raw_html css=\u00bb\u00bb]JTNDJTIxLS0lMjBNT0JJTEUlMjBNRU5VJTIwQlVUVE9OJTIwLS0lM0UlMEElM0NkaXYlMjBjbGFzcyUzRCUyMmFyY29fX2hlYWRlci1oYW1idXJnZXItbWVudSUyMiUzRSUwQSUyMCUyMCUyMCUyMCUyMCUyMCUyMCUyMCUyMCUzQ2RpdiUyMGNsYXNzJTNEJTIyYXJjb19faGVhZGVyLWhhbWJ1cmdlci1saW5lJTIyJTNFJTNDJTJGZGl2JTNFJTBBJTIwJTIwJTIwJTIwJTIwJTIwJTIwJTIwJTIwJTNDZGl2JTIwY2xhc3MlM0QlMjJhcmNvX19oZWFkZXItaGFtYnVyZ2VyLWxpbmUlMjIlM0UlM0MlMkZkaXYlM0UlMEElMjAlMjAlMjAlMjAlMjAlMjAlMjAlMjAlMjAlM0NkaXYlMjBjbGFzcyUzRCUyMmFyY29fX2hlYWRlci1oYW1idXJnZXItbGluZSUyMiUzRSUzQyUyRmRpdiUzRSUwQSUyMCUyMCUyMCUzQyUyRmRpdiUzRQ==[\/vc_raw_html][\/vc_column_inner][vc_column_inner el_class=\u00bbarco__header-nav\u00bb width=\u00bb1\/2&#8243; css=\u00bb.vc_custom_1755900498134{padding-top: 0px !important;padding-right: 0px !important;padding-bottom: 0px !important;padding-left: 0px !important;}\u00bb][vc_column_text css=\u00bb\u00bb el_class=\u00bbarco__header-link\u00bb]<a title=\"Discover Gran Central - English\" href=\"https:\/\/arcoproperties.com\/discover-gran-central\/\">EN<\/a>[\/vc_column_text][vc_column_text css=\u00bb\u00bb el_class=\u00bbarco__button arco__button-header\u00bb]<a href=\"#arco__form\">Show me pricing<\/a>[\/vc_column_text][\/vc_column_inner][\/vc_row_inner][\/vc_column][\/vc_row][vc_row css=\u00bb.vc_custom_1760956426991{margin-right: 0px !important;margin-left: 0px !important;padding-right: 0px !important;padding-left: 0px !important;background-image: url(https:\/\/arcopropstg.wpenginepowered.com\/wp-content\/uploads\/2025\/10\/Gran-central-header-1.webp?id=20420) !important;background-position: center !important;background-repeat: no-repeat !important;background-size: cover !important;}\u00bb el_class=\u00bbarco_hero\u00bb][vc_column css=\u00bb.vc_custom_1756142489936{margin-top: 0px !important;margin-bottom: 0px !important;padding-top: 0px !important;padding-bottom: 0px !important;}\u00bb][vc_row_inner css=\u00bb.vc_custom_1756138205045{padding-right: 0px !important;padding-left: 0px !important;}\u00bb el_class=\u00bbarco_hero-wrapper\u00bb][vc_column_inner el_class=\u00bbarco_hero_content\u00bb css=\u00bb.vc_custom_1760378941916{padding-top: 0px !important;padding-right: 0px !important;padding-bottom: 0px !important;padding-left: 0px !important;}\u00bb][vc_single_image image=\u00bb19830&#8243; img_size=\u00bblarge\u00bb alignment=\u00bbcenter\u00bb css=\u00bb\u00bb el_class=\u00bbhero_logo\u00bb][\/vc_column_inner][\/vc_row_inner][\/vc_column][\/vc_row][vc_section el_class=\u00bbspace-content pb-0-sm\u00bb][vc_row el_class=\u00bbwrapper content-media\u00bb css=\u00bb.vc_custom_1760471430284{padding-top: 0px !important;padding-right: 0px !important;padding-bottom: 0px !important;padding-left: 0px !important;}\u00bb][vc_column offset=\u00bbvc_col-lg-6&#8243;][vc_column_text css=\u00bb.vc_custom_1761770241180{padding-bottom: 2rem !important;}\u00bb el_class=\u00bbcontent-media_content\u00bb]<\/p>\n<h1>Descubre Gran Central:<\/h1>\n<p><strong>donde la historia se encuentra con la modernidad<\/strong><\/p>\n<p>Bienvenido a Gran Central, un proyecto transformador de revitalizaci\u00f3n urbana en el coraz\u00f3n de la Ciudad de Panam\u00e1, a solo pasos del Patrimonio hist\u00f3rico de la Humanidad de la UNESCO. Gran Central combina la energ\u00eda de la capital moderna con el encanto atemporal de su distrito hist\u00f3rico.<\/p>\n<p>Siendo la visi\u00f3n m\u00e1s ambiciosa de Conservatorio hasta la fecha, Gran Central da nueva vida al barrio con cuatro elegantes edificios residenciales, un hotel insignia de primera clase y 7,000 m\u00b2 de plazas y jardines peatonales, una invitaci\u00f3n a relajarse del ritmo acelerado y disfrutar cada momento.<\/p>\n<p>Este desarrollo de uso mixto, ubicado en uno de los destinos m\u00e1s encantadores de Latinoam\u00e9rica, ofrece grandes comercios, residencias cuidadosamente dise\u00f1adas, un vecindario conectado, rooftops con vistas al oc\u00e9ano y una amplia variedad de amenidades y actividades. Aqu\u00ed puedes disfrutar la tranquilidad del casco hist\u00f3rico mientras vives la vibrante energ\u00eda internacional de la capital, todo lo que necesitas en un solo lugar.<\/p>\n<p>[\/vc_column_text][vc_column_text css=\u00bb\u00bb el_class=\u00bbarco__button pb-md\u00bb]<\/p>\n<p style=\"text-align: center;\"><a href=\"#arco__form\">Descubre el distrito urbano<\/a><\/p>\n<p>[\/vc_column_text][\/vc_column][vc_column offset=\u00bbvc_col-lg-6&#8243; el_class=\u00bbcontent-media_column\u00bb][vc_single_image image=\u00bb20394&#8243; img_size=\u00bbfull\u00bb css=\u00bb\u00bb el_class=\u00bbcontent-media_image&#8211;large full-width-image\u00bb][\/vc_column][\/vc_row][\/vc_section][vc_section el_class=\u00bbspace-content\u00bb css=\u00bb.vc_custom_1760475029628{background-color: #F1F1EF !important;}\u00bb][vc_row el_class=\u00bbwrapper section-intro .section-intro&#8211;primary\u00bb css=\u00bb.vc_custom_1760477968970{padding-right: 0px !important;padding-left: 0px !important;}\u00bb][vc_column][vc_column_text css=\u00bb\u00bb]<\/p>\n<h2 style=\"text-align: center;\"><em><strong>\u00bfPor qu\u00e9 elegir Gran Central?<\/strong><\/em><\/h2>\n<p>[\/vc_column_text][vc_column_text css=\u00bb\u00bb el_class=\u00bbwrapper-sm\u00bb]<\/p>\n<p style=\"text-align: center;\">Un vecindario de lujo dise\u00f1ado para vivir, conectar e invertir.<\/p>\n<p>[\/vc_column_text][\/vc_column][\/vc_row][vc_row css=\u00bb.vc_custom_1760626761269{padding-top: 2rem !important;padding-right: 1.2rem !important;padding-left: 1.2rem !important;}\u00bb el_class=\u00bbwrapper section-block_grid grid-5-columns\u00bb][vc_column width=\u00bb1\/5&#8243; css=\u00bb.vc_custom_1760475809650{padding-right: 0px !important;padding-left: 0px !important;}\u00bb el_class=\u00bbfeature-card feature-card&#8211;outline\u00bb][vc_column_text css=\u00bb\u00bb]<\/p>\n<p style=\"text-align: center;\"><strong>4 elegantes <\/strong><br \/>\n<strong>edificios residenciales<\/strong><br \/>\ncon estilos distintivos<\/p>\n<p>[\/vc_column_text][\/vc_column][vc_column width=\u00bb1\/5&#8243; el_class=\u00bbfeature-card feature-card&#8211;outline\u00bb css=\u00bb.vc_custom_1760628973399{padding-right: 0px !important;padding-left: 0px !important;}\u00bb][vc_column_text css=\u00bb\u00bb]<\/p>\n<p style=\"text-align: center;\"><strong>7,000 m\u00b2 <\/strong><br \/>\n<strong>de plazas y jardines<\/strong><br \/>\n<strong>para caminar<\/strong><\/p>\n<p>[\/vc_column_text][\/vc_column][vc_column width=\u00bb1\/5&#8243; el_class=\u00bbfeature-card feature-card&#8211;outline\u00bb css=\u00bb.vc_custom_1760628984056{padding-right: 0px !important;padding-left: 0px !important;}\u00bb][vc_column_text css=\u00bb\u00bb]<\/p>\n<p style=\"text-align: center;\"><strong>1 hotel de clase mundial<\/strong><br \/>\ncon vistas panor\u00e1micas<\/p>\n<p>[\/vc_column_text][\/vc_column][vc_column width=\u00bb1\/5&#8243; el_class=\u00bbfeature-card feature-card&#8211;outline\u00bb css=\u00bb.vc_custom_1760628991848{padding-right: 0px !important;padding-left: 0px !important;}\u00bb][vc_column_text css=\u00bb\u00bb]<\/p>\n<p style=\"text-align: center;\"><strong>M\u00e1s de 65 tiendas<\/strong><br \/>\n<strong>y restaurantes seleccionados<\/strong><\/p>\n<p>[\/vc_column_text][\/vc_column][vc_column width=\u00bb1\/5&#8243; el_class=\u00bbfeature-card feature-card&#8211;outline\u00bb css=\u00bb.vc_custom_1760629000679{padding-right: 0px !important;padding-left: 0px !important;}\u00bb][vc_column_text css=\u00bb\u00bb]<\/p>\n<p style=\"text-align: center;\"><strong>400 espacios de estacionamiento<\/strong><br \/>\npara un acceso sin complicaciones<\/p>\n<p>[\/vc_column_text][\/vc_column][\/vc_row][\/vc_section][vc_row css=\u00bb.vc_custom_1756236173972{padding-right: 0px !important;padding-left: 0px !important;}\u00bb][vc_column css=\u00bb.vc_custom_1756144179386{padding-right: 0px !important;padding-left: 0px !important;}\u00bb][vc_column_text css=\u00bb\u00bb]<iframe loading=\"lazy\" style=\"width: 100%;\" title=\"YouTube video player\" src=\"https:\/\/www.youtube.com\/embed\/3LUn5-bVVOM?autoplay=1&amp;mute=1&amp;loop=1&amp;playlist=3LUn5-bVVOM&amp;controls=1&amp;rel=0&amp;modestbranding=1\" width=\"560\" height=\"315\" frameborder=\"0\" allowfullscreen=\"allowfullscreen\" data-mce-fragment=\"1\"><\/iframe>[\/vc_column_text][\/vc_column][\/vc_row][vc_section el_class=\u00bbspace-content\u00bb css=\u00bb.vc_custom_1760475029628{background-color: #F1F1EF !important;}\u00bb][vc_row el_class=\u00bbwrapper section-intro .section-intro&#8211;primary\u00bb css=\u00bb.vc_custom_1760477968970{padding-right: 0px !important;padding-left: 0px !important;}\u00bb][vc_column][vc_column_text css=\u00bb\u00bb]<\/p>\n<h2 style=\"text-align: center;\"><strong><em>Explora nuestras residencias exclusivas<\/em><\/strong><\/h2>\n<p>[\/vc_column_text][vc_column_text css=\u00bb\u00bb el_class=\u00bbwrapper-sm\u00bb]<\/p>\n<p style=\"text-align: center;\">Gran Central ofrece una selecci\u00f3n de desarrollos de lujo, donde todos destacan lo mejor de los dos mundos. Cada edificio es \u00fanico, con diferencias en precio, estilo, amenidades y usos permitidos, permitiendo as\u00ed que el proyecto satisfaga diversas necesidades.<\/p>\n<p>[\/vc_column_text][\/vc_column][\/vc_row][\/vc_section][vc_row css=\u00bb.vc_custom_1756236173972{padding-right: 0px !important;padding-left: 0px !important;}\u00bb][vc_column css=\u00bb.vc_custom_1756144179386{padding-right: 0px !important;padding-left: 0px !important;}\u00bb][vc_single_image image=\u00bb20396&#8243; img_size=\u00bbfull\u00bb css=\u00bb.vc_custom_1760956059070{padding-right: 0px !important;padding-left: 0px !important;}\u00bb el_class=\u00bbfull-width-image\u00bb][\/vc_column][\/vc_row][vc_section el_class=\u00bbspace-content\u00bb css=\u00bb.vc_custom_1760640924358{background-color: #F1F1EF !important;}\u00bb][vc_row css=\u00bb.vc_custom_1760640475587{padding-right: 1.2rem !important;padding-left: 1.2rem !important;}\u00bb el_class=\u00bbwrapper section-block_grid grid-2-columns\u00bb][vc_column width=\u00bb1\/2&#8243; css=\u00bb.vc_custom_1760641397620{padding-right: 0px !important;padding-left: 0px !important;}\u00bb el_class=\u00bbmedia-card media-card&#8211;secondary\u00bb][vc_single_image image=\u00bb20736&#8243; img_size=\u00bblarge\u00bb css=\u00bb\u00bb el_class=\u00bbmedia-card_image\u00bb][vc_column_text css=\u00bb\u00bb el_class=\u00bbmedia-card_title\u00bb]<\/p>\n<h3 style=\"text-align: center;\">La Central | City Flats &amp; Club<\/h3>\n<p>[\/vc_column_text][vc_column_text css=\u00bb.vc_custom_1761827993601{padding-bottom: 3.4rem !important;}\u00bb el_class=\u00bbmedia-card_content\u00bb]<\/p>\n<p style=\"text-align: center;\">Estudios y apartamentos de 2 habitaciones totalmente amueblados, dise\u00f1ados y autorizados para alquileres de corto plazo. El Club ofrece servicio de restaurante, centro de bienestar y rooftop con piscina y vistas impresionantes.<\/p>\n<p>[\/vc_column_text][vc_column_text css=\u00bb\u00bb el_class=\u00bbarco__button font-montserrat\u00bb]<\/p>\n<p style=\"text-align: center;\"><a href=\"https:\/\/arcoproperties.com\/es\/la-central-city-flats\/\">Descubre m\u00e1s<\/a><\/p>\n<p>[\/vc_column_text][\/vc_column][vc_column width=\u00bb1\/2&#8243; el_class=\u00bbmedia-card media-card&#8211;secondary\u00bb css=\u00bb.vc_custom_1760632960479{padding-right: 0px !important;padding-left: 0px !important;}\u00bb][vc_single_image image=\u00bb20738&#8243; img_size=\u00bblarge\u00bb css=\u00bb\u00bb el_class=\u00bbmedia-card_image\u00bb][vc_column_text css=\u00bb\u00bb el_class=\u00bbmedia-card_title\u00bb]<\/p>\n<h3 style=\"text-align: center;\">La Uni\u00f3n<\/h3>\n<p>[\/vc_column_text][vc_column_text css=\u00bb.vc_custom_1761828034699{padding-bottom: 2rem !important;}\u00bb el_class=\u00bbmedia-card_content\u00bb]<\/p>\n<p style=\"text-align: center;\">Apartamentos amplios de 1, 2 o 3 habitaciones, dise\u00f1ados para vivir c\u00f3modamente o alquilar a corto y largo plazo. Entre las amenidades se destacan: un sal\u00f3n de cowork, gimnasio y \u00e1reas comunes en la azotea con vistas espectaculares al oc\u00e9ano, la ciudad y Casco Antiguo.<\/p>\n<p>[\/vc_column_text][vc_column_text css=\u00bb\u00bb el_class=\u00bbarco__button font-montserrat\u00bb]<\/p>\n<p style=\"text-align: center;\"><a href=\"..\/es\/la-union\/\">Descubre m\u00e1s<\/a><\/p>\n<p>[\/vc_column_text][\/vc_column][\/vc_row][vc_row el_class=\u00bbwrapper section-intro .section-intro&#8211;primary space-content pb-0&#8243; css=\u00bb.vc_custom_1760642206956{padding-right: 0px !important;padding-left: 0px !important;}\u00bb][vc_column][vc_column_text css=\u00bb\u00bb]<\/p>\n<h2 style=\"text-align: center;\"><strong><em>Pr\u00f3ximamente<\/em><\/strong><\/h2>\n<p>[\/vc_column_text][\/vc_column][\/vc_row][vc_row css=\u00bb.vc_custom_1760642724144{padding-right: 1.2rem !important;padding-left: 1.2rem !important;}\u00bb el_class=\u00bbwrapper section-block_grid grid-3-columns\u00bb][vc_column width=\u00bb1\/3&#8243; css=\u00bb.vc_custom_1760640527033{padding-right: 0px !important;padding-left: 0px !important;}\u00bb el_class=\u00bbfeature-card feature-card&#8211;outline\u00bb][vc_column_text css=\u00bb.vc_custom_1760642181853{padding-bottom: 0px !important;}\u00bb el_class=\u00bbfont-montserrat\u00bb]<\/p>\n<h3 style=\"text-align: center; margin-bottom: 0px!important;\"><strong>Vanguardia<\/strong><\/h3>\n<p>[\/vc_column_text][\/vc_column][vc_column width=\u00bb1\/3&#8243; el_class=\u00bbfeature-card feature-card&#8211;outline\u00bb css=\u00bb.vc_custom_1760641581790{padding-right: 0px !important;padding-left: 0px !important;}\u00bb][vc_column_text css=\u00bb\u00bb el_class=\u00bbfont-montserrat\u00bb]<\/p>\n<h3 style=\"text-align: center; margin-bottom: 0px!important;\"><strong>Hotel Gran Central<\/strong><\/h3>\n<p>[\/vc_column_text][\/vc_column][vc_column width=\u00bb1\/3&#8243; el_class=\u00bbfeature-card feature-card&#8211;outline\u00bb css=\u00bb.vc_custom_1760641590760{padding-right: 0px !important;padding-left: 0px !important;}\u00bb][vc_column_text css=\u00bb\u00bb el_class=\u00bbfont-montserrat\u00bb]<\/p>\n<h3 style=\"text-align: center; margin-bottom: 0px!important;\"><strong>The Wesley<\/strong><\/h3>\n<p>[\/vc_column_text][\/vc_column][\/vc_row][vc_row el_class=\u00bbspace-content pb-0&#8243;][vc_column][vc_column_text css=\u00bb\u00bb el_class=\u00bbarco__button pb-md\u00bb]<\/p>\n<p style=\"text-align: center;\"><a href=\"#arco__form\">Descubre el distrito urbano<\/a><\/p>\n<p>[\/vc_column_text][\/vc_column][\/vc_row][\/vc_section][vc_section el_class=\u00bbspace-content\u00bb css=\u00bb.vc_custom_1760635248628{background-color: #FFFFFF !important;}\u00bb][vc_row el_class=\u00bbwrapper section-intro .section-intro&#8211;primary\u00bb css=\u00bb.vc_custom_1760477968970{padding-right: 0px !important;padding-left: 0px !important;}\u00bb][vc_column][vc_column_text css=\u00bb\u00bb]<\/p>\n<h2 style=\"text-align: center;\"><em><strong>Ubicado en el distrito hist\u00f3rico de Santa Ana, Ciudad de Panam\u00e1, a pasos del Patrimonio hist\u00f3rico de la Humanidad de la UNESCO: Historia, Cultura y Estilo<\/strong><\/em><\/h2>\n<p>[\/vc_column_text][\/vc_column][\/vc_row][vc_row css=\u00bb.vc_custom_1760632068423{padding-right: 1.2rem !important;padding-left: 1.2rem !important;}\u00bb el_class=\u00bbwrapper section-block_grid grid-cols-rows\u00bb][vc_column width=\u00bb1\/5&#8243; css=\u00bb.vc_custom_1760632343228{padding-right: 0px !important;padding-left: 0px !important;}\u00bb el_class=\u00bbmedia-card media-card&#8211;secondary\u00bb][vc_single_image image=\u00bb20398&#8243; img_size=\u00bblarge\u00bb css=\u00bb\u00bb el_class=\u00bbmedia-card_image\u00bb][vc_column_text css=\u00bb\u00bb el_class=\u00bbmedia-card_title\u00bb]<\/p>\n<h3 style=\"text-align: center;\">Ubicaci\u00f3n privilegiada<\/h3>\n<p>[\/vc_column_text][vc_column_text css=\u00bb\u00bb el_class=\u00bbmedia-card_content\u00bb]<\/p>\n<p style=\"text-align: center;\">Situado en el coraz\u00f3n del Distrito Hist\u00f3rico de Panam\u00e1, Gran Central conecta Casco Viejo con la vibrante metr\u00f3polis, ofreciendo f\u00e1cil acceso a monumentos, restaurantes, parques, el Canal de Panam\u00e1 y mucho m\u00e1s.<\/p>\n<p>[\/vc_column_text][\/vc_column][vc_column width=\u00bb1\/5&#8243; el_class=\u00bbmedia-card media-card&#8211;secondary\u00bb css=\u00bb.vc_custom_1760632351263{padding-right: 0px !important;padding-left: 0px !important;}\u00bb][vc_single_image image=\u00bb20404&#8243; img_size=\u00bblarge\u00bb css=\u00bb\u00bb el_class=\u00bbmedia-card_image\u00bb][vc_column_text css=\u00bb\u00bb el_class=\u00bbmedia-card_title\u00bb]<\/p>\n<h3 style=\"text-align: center;\">Residencias distintivas<\/h3>\n<p>[\/vc_column_text][vc_column_text css=\u00bb\u00bb el_class=\u00bbmedia-card_content\u00bb]<\/p>\n<p style=\"text-align: center;\">Cinco elegantes edificios residenciales, cada uno con su personalidad y estilo arquitect\u00f3nico \u00fanicos, que albergan desde acogedores estudios amueblados hasta amplios apartamentos.<\/p>\n<p>[\/vc_column_text][\/vc_column][vc_column width=\u00bb1\/5&#8243; el_class=\u00bbmedia-card media-card&#8211;secondary\u00bb css=\u00bb.vc_custom_1760632926909{padding-right: 0px !important;padding-left: 0px !important;}\u00bb][vc_single_image image=\u00bb20406&#8243; img_size=\u00bblarge\u00bb css=\u00bb\u00bb el_class=\u00bbmedia-card_image\u00bb][vc_column_text css=\u00bb\u00bb el_class=\u00bbmedia-card_title\u00bb]<\/p>\n<h3 style=\"text-align: center;\">Todo en un solo lugar<\/h3>\n<p>[\/vc_column_text][vc_column_text css=\u00bb\u00bb el_class=\u00bbmedia-card_content\u00bb]<\/p>\n<p style=\"text-align: center;\">Disfruta de 7,000 m\u00b2 de plazas, tiendas, caf\u00e9s y jardines, as\u00ed como de un Wellness Hub, un hotel y restaurantes, todos pensados para un estilo de vida caminable.<\/p>\n<p>[\/vc_column_text][\/vc_column][vc_column width=\u00bb1\/5&#8243; el_class=\u00bbmedia-card media-card&#8211;secondary\u00bb css=\u00bb.vc_custom_1760632953436{padding-right: 0px !important;padding-left: 0px !important;}\u00bb][vc_single_image image=\u00bb20408&#8243; img_size=\u00bblarge\u00bb css=\u00bb\u00bb el_class=\u00bbmedia-card_image\u00bb][vc_column_text css=\u00bb\u00bb el_class=\u00bbmedia-card_title\u00bb]<\/p>\n<h3 style=\"text-align: center;\">Un desarrollador con visi\u00f3n<\/h3>\n<p>[\/vc_column_text][vc_column_text css=\u00bb\u00bb el_class=\u00bbmedia-card_content\u00bb]<\/p>\n<p style=\"text-align: center;\">Creado por Conservatorio, una empresa B certificada con m\u00e1s de 20 a\u00f1os de experiencia revitalizando el Distrito Hist\u00f3rico de Panam\u00e1, responsable de proyectos como American Trade Hotel y Santa Familia.<\/p>\n<p>[\/vc_column_text][\/vc_column][vc_column width=\u00bb1\/5&#8243; el_class=\u00bbmedia-card media-card&#8211;secondary\u00bb css=\u00bb.vc_custom_1760632960479{padding-right: 0px !important;padding-left: 0px !important;}\u00bb][vc_single_image image=\u00bb20400&#8243; img_size=\u00bblarge\u00bb css=\u00bb\u00bb el_class=\u00bbmedia-card_image\u00bb][vc_column_text css=\u00bb\u00bb el_class=\u00bbmedia-card_title\u00bb]<\/p>\n<h3 style=\"text-align: center;\">\u00danico en Latinoam\u00e9rica<\/h3>\n<p>[\/vc_column_text][vc_column_text css=\u00bb\u00bb el_class=\u00bbmedia-card_content\u00bb]<\/p>\n<p style=\"text-align: center;\">Gran Central conecta la vida moderna con el alma del Distrito Hist\u00f3rico: un proyecto emblem\u00e1tico de uso mixto que redefine la vida urbana en Panam\u00e1.<\/p>\n<p>[\/vc_column_text][\/vc_column][\/vc_row][\/vc_section][vc_section el_class=\u00bbspace-content\u00bb css=\u00bb.vc_custom_1760643214314{background-color: #A23D4D !important;}\u00bb][vc_row el_class=\u00bbwrapper section-intro .section-intro&#8211;white\u00bb css=\u00bb.vc_custom_1760643188181{padding-right: 0px !important;padding-left: 0px !important;}\u00bb][vc_column][vc_column_text css=\u00bb\u00bb]<\/p>\n<h2 style=\"text-align: center;\"><strong><em>Conoce los futuros planes de Gran Central<\/em><\/strong><\/h2>\n<p>[\/vc_column_text][\/vc_column][\/vc_row][vc_row el_class=\u00bbwrapper\u00bb css=\u00bb.vc_custom_1760644500190{padding-right: 0px !important;padding-bottom: 2rem !important;padding-left: 0px !important;}\u00bb][vc_column][vc_images_carousel images=\u00bb20412,20410&#8243; img_size=\u00bbfull\u00bb onclick=\u00bbcustom_link\u00bb custom_links_target=\u00bb_blank\u00bb speed=\u00bb4000&#8243; autoplay=\u00bbyes\u00bb hide_prev_next_buttons=\u00bbyes\u00bb wrap=\u00bbyes\u00bb css=\u00bb\u00bb custom_links=\u00bb#E-8_aHR0cHMlM0ElMkYlMkZhcmNvcHJvcHN0Zy53cGVuZ2luZXBvd2VyZWQuY29tJTJGd3AtY29udGVudCUyRnVwbG9hZHMlMkYyMDI1JTJGMTAlMkZncmFuLWNlbnRyYWwtYXJjby1tYXAtbGEtY2VudHJhbC53ZWJwJTJDaHR0cHMlM0ElMkYlMkZhcmNvcHJvcHN0Zy53cGVuZ2luZXBvd2VyZWQuY29tJTJGd3AtY29udGVudCUyRnVwbG9hZHMlMkYyMDI1JTJGMTAlMkZncmFuLWNlbnRyYWwtYXJjby1tYXAtbGEtY2VudHJhbC0yLndlYnA=\u00bb][\/vc_column][\/vc_row][vc_row][vc_column][vc_column_text css=\u00bb\u00bb el_class=\u00bbarco__button arco__button&#8211;light\u00bb]<\/p>\n<p style=\"text-align: center;\"><a href=\"#arco__form\">Descubre m\u00e1s<\/a><\/p>\n<p>[\/vc_column_text][\/vc_column][\/vc_row][\/vc_section][vc_section el_class=\u00bbspace-content\u00bb css=\u00bb.vc_custom_1760635392433{background-color: #FFFFFF !important;}\u00bb][vc_row el_class=\u00bbwrapper section-intro .section-intro&#8211;primary\u00bb css=\u00bb.vc_custom_1760477968970{padding-right: 0px !important;padding-left: 0px !important;}\u00bb][vc_column][vc_column_text css=\u00bb\u00bb]<\/p>\n<h2 style=\"text-align: center;\"><em><strong>Abraza el estilo de vida de Gran Central:<\/strong><\/em><br \/>\n<em><strong>todo lo que necesitas en un solo lugar<\/strong><\/em><\/h2>\n<p>[\/vc_column_text][vc_column_text css=\u00bb\u00bb el_class=\u00bbwrapper-sm\u00bb]<\/p>\n<p style=\"text-align: center;\">Descubre un distrito urbano vibrante donde la historia y modernidad se encuentran. Gran Central ofrece un vecindario caminable, con cultura, plazas verdes y amenidades dise\u00f1adas para conectar, relajarte y disfrutar de la vida diaria sin inconvenientes.<\/p>\n<p>[\/vc_column_text][\/vc_column][\/vc_row][vc_row css=\u00bb.vc_custom_1760628412877{padding-top: 2rem !important;padding-right: 1.2rem !important;padding-left: 1.2rem !important;}\u00bb el_class=\u00bbwrapper section-block_grid grid-3-columns\u00bb][vc_column width=\u00bb1\/3&#8243; css=\u00bb.vc_custom_1760475809650{padding-right: 0px !important;padding-left: 0px !important;}\u00bb el_class=\u00bbfeature-card feature-card&#8211;outline\u00bb][vc_column_text css=\u00bb\u00bb]<\/p>\n<h3 style=\"text-align: center;\"><em><strong>Cultura y descubrimiento<\/strong><\/em><\/h3>\n<p style=\"text-align: center;\">Explora calles peatonales llenas de tiendas, caf\u00e9s, restaurantes y plazas, disfruta de vistas panor\u00e1micas y participa en eventos culturales, todo a solo pasos de tu puerta.<\/p>\n<p>[\/vc_column_text][\/vc_column][vc_column width=\u00bb1\/3&#8243; el_class=\u00bbfeature-card feature-card&#8211;outline\u00bb css=\u00bb.vc_custom_1760628777165{padding-right: 0px !important;padding-left: 0px !important;}\u00bb][vc_column_text css=\u00bb\u00bb]<\/p>\n<h3 style=\"text-align: center;\"><strong><em>Bienestar y relajaci\u00f3n<\/em><\/strong><\/h3>\n<p style=\"text-align: center;\">Recarga energ\u00edas en el Wellness Hub, participa en clases de yoga, disfruta de tratamientos inspirados en spa, o rel\u00e1jate en el hotel internacional con piscina en la azotea.<\/p>\n<p>[\/vc_column_text][\/vc_column][vc_column width=\u00bb1\/3&#8243; el_class=\u00bbfeature-card feature-card&#8211;outline\u00bb css=\u00bb.vc_custom_1760628785062{padding-right: 0px !important;padding-left: 0px !important;}\u00bb][vc_column_text css=\u00bb\u00bb]<\/p>\n<h3 style=\"text-align: center;\"><strong><em>Comunidad y conexi\u00f3n<\/em><\/strong><\/h3>\n<p style=\"text-align: center;\">Disfruta de parques para perros, \u00e1reas de juegos, lounges en rooftops y caf\u00e9s, junto con m\u00e1s espacios dise\u00f1ados para reunir y conectar a las personas.<\/p>\n<p>[\/vc_column_text][\/vc_column][\/vc_row][\/vc_section][vc_section el_class=\u00bbspace-content\u00bb css=\u00bb.vc_custom_1760644743473{background-color: #F1F1EF !important;}\u00bb][vc_row el_class=\u00bbwrapper section-intro .section-intro&#8211;primary\u00bb css=\u00bb.vc_custom_1760644701781{padding-right: 0px !important;padding-left: 0px !important;}\u00bb][vc_column][vc_column_text css=\u00bb\u00bb]<\/p>\n<h2 style=\"text-align: center;\"><strong><em>Cada espacio est\u00e1 dise\u00f1ado para aquellos que aman la esencia de vivir en un vecindario<\/em><\/strong><\/h2>\n<p>[\/vc_column_text][\/vc_column][\/vc_row][vc_row el_class=\u00bbwrapper\u00bb css=\u00bb.vc_custom_1760644711073{padding-right: 0px !important;padding-left: 0px !important;}\u00bb][vc_column][vc_images_carousel images=\u00bb20414,20416&#8243; img_size=\u00bbfull\u00bb onclick=\u00bbcustom_link\u00bb custom_links_target=\u00bb_blank\u00bb speed=\u00bb4000&#8243; autoplay=\u00bbyes\u00bb hide_prev_next_buttons=\u00bbyes\u00bb wrap=\u00bbyes\u00bb css=\u00bb\u00bb custom_links=\u00bb#E-8_aHR0cHMlM0ElMkYlMkZhcmNvcHJvcHN0Zy53cGVuZ2luZXBvd2VyZWQuY29tJTJGd3AtY29udGVudCUyRnVwbG9hZHMlMkYyMDI1JTJGMTAlMkZncmFuLWNlbnRyYWwtYXJjby1tYXAtc2xpZGVyLWltYWdlLTEud2VicCUyQ2h0dHBzJTNBJTJGJTJGYXJjb3Byb3BzdGcud3BlbmdpbmVwb3dlcmVkLmNvbSUyRndwLWNvbnRlbnQlMkZ1cGxvYWRzJTJGMjAyNSUyRjEwJTJGZ3JhbmMtY2VudHJhbC1hcmNvLW1hcC1zbGlkZXItaW1hZ2UtMi53ZWJw\u00bb][\/vc_column][\/vc_row][\/vc_section][vc_section el_class=\u00bbspace-content pb-0-sm\u00bb][vc_row el_class=\u00bbwrapper content-media\u00bb css=\u00bb.vc_custom_1760471430284{padding-top: 0px !important;padding-right: 0px !important;padding-bottom: 0px !important;padding-left: 0px !important;}\u00bb][vc_column offset=\u00bbvc_col-lg-6&#8243;][vc_column_text css=\u00bb.vc_custom_1761829573327{padding-bottom: 2rem !important;}\u00bb el_class=\u00bbcontent-media_content\u00bb]<\/p>\n<h2>\u00bfListo para hacer de <em><strong>Gran Central tu nuevo vecindario?<\/strong><\/em><\/h2>\n<p>Completa el formulario y accede a informaci\u00f3n detallada sobre este desarrollo de cinco edificios, dise\u00f1ado cuidadosamente para conectar historia y modernidad de manera perfecta. Descubre por qu\u00e9 Gran Central se est\u00e1 convirtiendo r\u00e1pidamente en uno de los proyectos m\u00e1s ambiciosos de Conservatorio.<\/p>\n<p>Ya sea que busques un hogar o una inversi\u00f3n estrat\u00e9gica, este es el momento perfecto para dar el paso.[\/vc_column_text][\/vc_column][vc_column offset=\u00bbvc_col-lg-6&#8243; el_class=\u00bbcontent-media_column\u00bb][vc_single_image image=\u00bb20418&#8243; img_size=\u00bbfull\u00bb css=\u00bb\u00bb el_class=\u00bbcontent-media_image&#8211;large full-width-image\u00bb][\/vc_column][\/vc_row][\/vc_section][vc_section css=\u00bb.vc_custom_1760956520248{padding-top: 7% !important;padding-bottom: 7% !important;background-image: url(https:\/\/arcopropstg.wpenginepowered.com\/wp-content\/uploads\/2025\/09\/bungalo-background-form.webp?id=19820) !important;background-position: center !important;background-repeat: no-repeat !important;background-size: cover !important;}\u00bb el_class=\u00bbarco_section_form\u00bb el_id=\u00bbarco__form\u00bb][vc_row css=\u00bb.vc_custom_1756240064197{padding-right: 0px !important;padding-left: 0px !important;}\u00bb][vc_column][vc_column_text css=\u00bb\u00bb]<\/p>\n<h3 style=\"text-align: center;\">Fill out the form below to access detailed information on pricing, floor plans, and availability.<\/h3>\n<p>[\/vc_column_text][vc_column_text css=\u00bb\u00bb]<iframe id=\"inline-wwfO2iG2imoRA6TG5Sug\" style=\"width: 100%; height: 839px; border: none; border-radius: 3px;\" title=\"La Gran Central Landing\" src=\"https:\/\/api.leadconnectorhq.com\/widget\/form\/wwfO2iG2imoRA6TG5Sug\" data-layout=\"{'id':'INLINE'}\" data-trigger-type=\"alwaysShow\" data-trigger-value=\"\" data-activation-type=\"alwaysActivated\" data-activation-value=\"\" data-deactivation-type=\"neverDeactivate\" data-deactivation-value=\"\" data-form-name=\"La Gran Central Landing\" data-height=\"646\" data-layout-iframe-id=\"inline-wwfO2iG2imoRA6TG5Sug\" data-form-id=\"wwfO2iG2imoRA6TG5Sug\" data-mce-fragment=\"1\"><br \/>\n<\/iframe><br \/>\n<script src=\"https:\/\/link.msgsndr.com\/js\/form_embed.js\"><\/script>[\/vc_column_text][\/vc_column][\/vc_row][\/vc_section]<\/p>\n<\/div>","protected":false},"excerpt":{"rendered":"<p>[vc_row css=\u00bb.vc_custom_1754944904130{margin-right: 0px !important;margin-left: 0px !important;padding-right: 0px !important;padding-left: 0px !important;background-color: #ffffff !important;background-position: center !important;background-repeat: no-repeat !important;background-size: cover !important;}\u00bb el_class=\u00bbarco__header\u00bb el_id=\u00bbarco_header\u00bb][vc_column css=\u00bb.vc_custom_1754944299357{margin-top: 0px !important;margin-bottom: 0px !important;padding-top: 0px !important;padding-bottom: 0px !important;}\u00bb][vc_row_inner css=\u00bb.vc_custom_1754945270616{padding-right: 0px !important;padding-left: 0px !important;background-color: #ffffff !important;}\u00bb el_class=\u00bbwrapper arco__header-wrapper\u00bb][vc_column_inner width=\u00bb1\/2&#8243; css=\u00bb.vc_custom_1752169437884{padding-top: 0px !important;padding-right: 0px !important;padding-bottom: 0px !important;padding-left: 0px !important;}\u00bb][vc_single_image image=\u00bb20390&#8243; img_size=\u00bbmedium\u00bb css=\u00bb\u00bb el_class=\u00bbarco__header-logo\u00bb][\/vc_column_inner][vc_column_inner el_class=\u00bbarco__header-button-mobile\u00bb width=\u00bb1\/2&#8243; css=\u00bb.vc_custom_1754945265103{padding-top: [&hellip;]<\/p>\n","protected":false},"author":24,"featured_media":20419,"parent":0,"menu_order":0,"comment_status":"closed","ping_status":"closed","template":"template-vc.php","meta":{"footnotes":""},"class_list":["post-20734","page","type-page","status-publish","has-post-thumbnail","hentry"],"aioseo_notices":[],"_links":{"self":[{"href":"https:\/\/arcoproperties.com\/es\/wp-json\/wp\/v2\/pages\/20734","targetHints":{"allow":["GET"]}}],"collection":[{"href":"https:\/\/arcoproperties.com\/es\/wp-json\/wp\/v2\/pages"}],"about":[{"href":"https:\/\/arcoproperties.com\/es\/wp-json\/wp\/v2\/types\/page"}],"author":[{"embeddable":true,"href":"https:\/\/arcoproperties.com\/es\/wp-json\/wp\/v2\/users\/24"}],"replies":[{"embeddable":true,"href":"https:\/\/arcoproperties.com\/es\/wp-json\/wp\/v2\/comments?post=20734"}],"version-history":[{"count":0,"href":"https:\/\/arcoproperties.com\/es\/wp-json\/wp\/v2\/pages\/20734\/revisions"}],"wp:featuredmedia":[{"embeddable":true,"href":"https:\/\/arcoproperties.com\/es\/wp-json\/wp\/v2\/media\/20419"}],"wp:attachment":[{"href":"https:\/\/arcoproperties.com\/es\/wp-json\/wp\/v2\/media?parent=20734"}],"curies":[{"name":"wp","href":"https:\/\/api.w.org\/{rel}","templated":true}]}}